{"id":24,"date":"2022-04-06T11:37:06","date_gmt":"2022-04-06T09:37:06","guid":{"rendered":"https:\/\/websites.artecom.studio\/dessine\/?page_id=24"},"modified":"2022-05-10T15:19:54","modified_gmt":"2022-05-10T13:19:54","slug":"expedition","status":"publish","type":"page","link":"https:\/\/websites.artecom.studio\/dessine\/expedition\/","title":{"rendered":"Exp\u00e9dition"},"content":{"rendered":"\n<p>\u00c0 travers cette exp\u00e9dition, vous trouverez de nombreuses \u0153uvres qui nous ont inspir\u00e9 tout au long de notre projet.<\/p>\n\n\n\n<div style=\"height:35px\" aria-hidden=\"true\" class=\"wp-block-spacer\"><\/div>\n\n\n\n<h2 class=\"wp-block-heading\">Livres<\/h2>\n\n\n\n<div style=\"height:25px\" aria-hidden=\"true\" class=\"wp-block-spacer\"><\/div>\n\n\n\n<div class=\"wp-block-media-text alignwide is-stacked-on-mobile is-vertically-aligned-center\" style=\"grid-template-columns:35% auto\"><figure class=\"wp-block-media-text__media\"><img loading=\"lazy\" decoding=\"async\" width=\"600\" height=\"405\" src=\"https:\/\/websites.artecom.studio\/dessine\/wp-content\/uploads\/sites\/4\/2022\/04\/petit-prince-.jpg\" alt=\"\" class=\"wp-image-279 size-full\" srcset=\"https:\/\/websites.artecom.studio\/dessine\/wp-content\/uploads\/sites\/4\/2022\/04\/petit-prince-.jpg 600w, https:\/\/websites.artecom.studio\/dessine\/wp-content\/uploads\/sites\/4\/2022\/04\/petit-prince--300x203.jpg 300w\" sizes=\"auto, (max-width: 600px) 100vw, 600px\" \/><\/figure><div class=\"wp-block-media-text__content\">\n<p class=\"has-large-font-size\">Le Petit Prince<\/p>\n\n\n\n<p>L\u2019histoire du petit prince se situe entre le r\u00e9el et l\u2019imaginaire. Elle est destin\u00e9e aussi bien aux enfants qu\u2019aux adultes car elle permet aux grandes personnes de se souvenir de leur jeunesse. Le petit prince voyage et rencontre de nombreux personnages qui repr\u00e9sentent des st\u00e9r\u00e9otypes d\u2019adultes et leurs comportements absurdes. \u00c0 travers le personnage, St Exup\u00e9ry d\u00e9nonce les travers de la soci\u00e9t\u00e9 trop cadr\u00e9e et \u00e9go\u00efste. Il nous laisse une grande marge d\u2019imagination en nous faisant voyager de plan\u00e8te en plan\u00e8te tout au long du r\u00e9cit.&nbsp;<\/p>\n\n\n\n<p>Le petit prince a \u00e9t\u00e9 adapt\u00e9 en film en 2015 par Mark Osborne. Dans ce dernier, on suit la vie d\u2019une petite fille vivant dans un quartier gris o\u00f9 les maisons sont parfaitement align\u00e9es et similaires et o\u00f9 personne ne d\u00e9vie de la trajectoire que la soci\u00e9t\u00e9 leur a inculqu\u00e9e.<\/p>\n\n\n\n<p>Le web documentaire que nous vous pr\u00e9sentons a grandement \u00e9t\u00e9 inspir\u00e9 de cette \u0153uvre de St Exup\u00e9ry. Nous voulions vous immerger dans un univers \u00e0 la d\u00e9couverte de diff\u00e9rentes personnes extraordinaires en naviguant de plan\u00e8te en plan\u00e8te comme le petit prince.<\/p>\n<\/div><\/div>\n\n\n\n<div style=\"height:75px\" aria-hidden=\"true\" class=\"wp-block-spacer\"><\/div>\n\n\n\n<div class=\"wp-block-media-text alignwide has-media-on-the-right is-stacked-on-mobile is-vertically-aligned-center\" style=\"grid-template-columns:auto 56%\"><figure class=\"wp-block-media-text__media\"><img loading=\"lazy\" decoding=\"async\" width=\"1024\" height=\"683\" src=\"https:\/\/websites.artecom.studio\/dessine\/wp-content\/uploads\/sites\/4\/2022\/04\/les-cahiers-desther-bonne-version-1024x683.jpg\" alt=\"\" class=\"wp-image-277 size-full\" srcset=\"https:\/\/websites.artecom.studio\/dessine\/wp-content\/uploads\/sites\/4\/2022\/04\/les-cahiers-desther-bonne-version-1024x683.jpg 1024w, https:\/\/websites.artecom.studio\/dessine\/wp-content\/uploads\/sites\/4\/2022\/04\/les-cahiers-desther-bonne-version-300x200.jpg 300w, https:\/\/websites.artecom.studio\/dessine\/wp-content\/uploads\/sites\/4\/2022\/04\/les-cahiers-desther-bonne-version-768x512.jpg 768w, https:\/\/websites.artecom.studio\/dessine\/wp-content\/uploads\/sites\/4\/2022\/04\/les-cahiers-desther-bonne-version-1536x1024.jpg 1536w, https:\/\/websites.artecom.studio\/dessine\/wp-content\/uploads\/sites\/4\/2022\/04\/les-cahiers-desther-bonne-version.jpg 1600w\" sizes=\"auto, (max-width: 1024px) 100vw, 1024px\" \/><\/figure><div class=\"wp-block-media-text__content\">\n<p class=\"has-large-font-size\">Les cahiers d&rsquo;Esther<\/p>\n\n\n\n<p style=\"font-size:17px\">Bande dessin\u00e9e adapt\u00e9e en s\u00e9rie t\u00e9l\u00e9vis\u00e9e. Nous suivons, ann\u00e9e apr\u00e8s ann\u00e9e, Esther, 10 ans lors de la premi\u00e8re saison, avec sa famille, ses ami.es, \u00e0 l\u2019\u00e9cole, en vacances, et ses passions. C\u2019est elle qui nous raconte sa vie avec son regard et ses mots de petite fille.&nbsp;<\/p>\n\n\n\n<p style=\"font-size:17px\">Esther figure dans nos inspirations pour ce qu\u2019elle repr\u00e9sente : petite fille, jeune adolescente, adolescente, elle est le portrait de tout un pan d\u2019une g\u00e9n\u00e9ration avec qui elle partage les m\u00eames r\u00e9f\u00e9rences musicales, filmiques\u2026<\/p>\n\n\n\n<p style=\"font-size:17px\">Ce sont les petites filles que nous \u00e9tions qui se reconnaissent en elle, dans les \u00e9tats d&rsquo;\u00e2mes d&rsquo;\u00c9ther&nbsp;et ses r\u00eaves. Les cahiers d&rsquo;Esther sont inspirants parce qu\u2019ils viennent toucher quelque chose d&rsquo;universel, portrait d\u2019un m\u00e9lange d&rsquo;insouciance et de clairvoyance sur le pass\u00e9, le pr\u00e9sent et le futur.&nbsp;<\/p>\n<\/div><\/div>\n\n\n\n<div style=\"height:75px\" aria-hidden=\"true\" class=\"wp-block-spacer\"><\/div>\n\n\n\n<div class=\"wp-block-media-text alignwide is-stacked-on-mobile\" style=\"grid-template-columns:46% auto\"><figure class=\"wp-block-media-text__media\"><img loading=\"lazy\" decoding=\"async\" width=\"256\" height=\"180\" src=\"https:\/\/websites.artecom.studio\/dessine\/wp-content\/uploads\/sites\/4\/2022\/04\/ceux-qui-ne-sont-rien.jpg\" alt=\"\" class=\"wp-image-292 size-full\" \/><\/figure><div class=\"wp-block-media-text__content\">\n<p class=\"has-large-font-size\">Ceux qui ne sont rien<\/p>\n\n\n\n<p style=\"font-size:17px\">Taha Bouhafs, un jeune venant d\u2019Echirolles, un quartier populaire \u00e0 c\u00f4t\u00e9 de Grenoble, commence \u00e0 interroger sa l\u00e9gitimit\u00e9 en tant que citoyen fran\u00e7ais.&nbsp;<\/p>\n\n\n\n<p style=\"font-size:17px\">Lui qui se sent conditionn\u00e9 par le gouvernement \u00e0 ne pas pouvoir choisir son avenir d\u00e9cide de s\u2019investir dans des mouvements citoyens, de revendiquer ses droits et de lutter contre l\u2019image de \u201cbons \u00e0 rien\u201d trop souvent associ\u00e9e aux jeunes de cit\u00e9s.&nbsp;<\/p>\n\n\n\n<p style=\"font-size:17px\">Comme il le dit dans son livre : \u201cC\u00f4t\u00e9 \u00e9cole, l\u2019horizon est barr\u00e9 d\u2019une croix rouge depuis la ligne de d\u00e9part (&#8230;) mon futur? Je n\u2019en vois pas vraiment. L\u2019espoir? Noir c\u2019est noir comme dirait l\u2019autre. On me dit qu\u2019au mieux je pourrai devenir fonctionnaire de cat\u00e9gorie C aux espaces verts de la mairie. Mais je crois que ce n\u2019est pas la vie dont je r\u00eave\u2026\u00a0\u00bb. Il d\u00e9livre \u00e0 travers son livre un t\u00e9moignage sinc\u00e8re donnant envie de se r\u00e9volter contre ces cases encore trop impos\u00e9es en fonction de nos classes sociales.&nbsp;<\/p>\n<\/div><\/div>\n\n\n\n<div style=\"height:60px\" aria-hidden=\"true\" class=\"wp-block-spacer\"><\/div>\n\n\n\n<hr class=\"wp-block-separator aligncenter is-style-default\" \/>\n\n\n\n<div style=\"height:30px\" aria-hidden=\"true\" class=\"wp-block-spacer\"><\/div>\n\n\n\n<h2 class=\"wp-block-heading\">Films<\/h2>\n\n\n\n<div style=\"height:25px\" aria-hidden=\"true\" class=\"wp-block-spacer\"><\/div>\n\n\n\n<div class=\"wp-block-media-text alignwide is-stacked-on-mobile is-vertically-aligned-center\" style=\"grid-template-columns:48% auto\"><figure class=\"wp-block-media-text__media\"><img loading=\"lazy\" decoding=\"async\" width=\"474\" height=\"312\" src=\"https:\/\/websites.artecom.studio\/dessine\/wp-content\/uploads\/sites\/4\/2022\/04\/billy-elliot.jpg\" alt=\"\" class=\"wp-image-283 size-full\" srcset=\"https:\/\/websites.artecom.studio\/dessine\/wp-content\/uploads\/sites\/4\/2022\/04\/billy-elliot.jpg 474w, https:\/\/websites.artecom.studio\/dessine\/wp-content\/uploads\/sites\/4\/2022\/04\/billy-elliot-300x197.jpg 300w\" sizes=\"auto, (max-width: 474px) 100vw, 474px\" \/><\/figure><div class=\"wp-block-media-text__content\">\n<p class=\"has-large-font-size\">Billy Eliott<\/p>\n\n\n\n<p style=\"font-size:17px\">Jeune gar\u00e7on dans une famille exclusivement masculine depuis le d\u00e9c\u00e8s de sa m\u00e8re, Billy se rend tous les jours, apr\u00e8s l\u2019\u00e9cole, au club de boxe pr\u00e8s de chez lui. Son p\u00e8re lui voit une destin\u00e9e dans ce sport, qui pourrait sortir sa famille de la pauvret\u00e9. A c\u00f4t\u00e9 de la salle de boxe, se trouve un cours de danse classique qui attire l&rsquo;\u0153il de Billy contrairement \u00e0 la boxe. Il va alors commencer \u00e0 suivre des cours secr\u00e8tement, des cours jusqu\u2019alors uniquement f\u00e9minins. Sa prof de danse va l\u2019encourager, trouvant en lui un grand talent ; celui-ci va alors d\u00e9penser l\u2019argent des cours de boxe dans ceux de danse. Quand son p\u00e8re et son fr\u00e8re, \u00e0 ce moment mineurs en gr\u00e8ve, le d\u00e9couvrent, ils sont furieux. Finalement, Billy et sa professeure finissent par les convaincre de son talent et son p\u00e8re reprend alors son m\u00e9tier de mineur pour offrir \u00e0 son fils une \u00e9cole de danse \u00e0 Londres. \u00c0 la fin, on voit Billy qui incarne le cygne blanc du Lac des cygnes dans un corps de ballet masculin.<\/p>\n\n\n\n<p style=\"font-size:17px\">\u00c0 travers ce film, Billy nous montre que la volont\u00e9 et le travail sont les moteurs de sa r\u00e9ussite. Peu importe qui nous sommes aujourd\u2019hui et\/ou ce \u00e0 quoi nous sommes destin\u00e9.es \u00e0 la base, il ne tient qu\u2019\u00e0 nous de nous d\u00e9couvrir et d\u2019appr\u00e9hender la vie comme on le souhaite.<\/p>\n<\/div><\/div>\n\n\n\n<div style=\"height:75px\" aria-hidden=\"true\" class=\"wp-block-spacer\"><\/div>\n\n\n\n<div class=\"wp-block-media-text alignwide has-media-on-the-right is-stacked-on-mobile\" style=\"grid-template-columns:auto 51%\"><figure class=\"wp-block-media-text__media\"><img loading=\"lazy\" decoding=\"async\" width=\"800\" height=\"563\" src=\"https:\/\/websites.artecom.studio\/dessine\/wp-content\/uploads\/sites\/4\/2022\/04\/ratatouille.jpg\" alt=\"\" class=\"wp-image-290 size-full\" srcset=\"https:\/\/websites.artecom.studio\/dessine\/wp-content\/uploads\/sites\/4\/2022\/04\/ratatouille.jpg 800w, https:\/\/websites.artecom.studio\/dessine\/wp-content\/uploads\/sites\/4\/2022\/04\/ratatouille-300x211.jpg 300w, https:\/\/websites.artecom.studio\/dessine\/wp-content\/uploads\/sites\/4\/2022\/04\/ratatouille-768x540.jpg 768w\" sizes=\"auto, (max-width: 800px) 100vw, 800px\" \/><\/figure><div class=\"wp-block-media-text__content\">\n<p class=\"has-large-font-size\">Ratatouille<\/p>\n\n\n\n<p style=\"font-size:17px\">R\u00e9my, un rat d\u2019\u00e9gout, souhaite devenir cuisinier mais n\u2019a pas l\u2019apparence ni l\u2019acceptation soci\u00e9tale pour int\u00e9grer un restaurant \u00e0 Paris. Il va se battre pour faire ce qu\u2019il aime au d\u00e9pend de sa famille et des Hommes. Linguini, un gar\u00e7on \u00e9trange, va se lier d\u2019amiti\u00e9 avec R\u00e9my car celui-ci a besoin d\u2019un acolyte pour survivre dans la cuisine du grand restaurant Chez Gusteau. Ils vont tous deux apprendre l\u2019un et de l\u2019autre tout en cherchant leurs destin\u00e9es. L\u2019un va trouver l\u2019amour et l\u2019autre la possibilit\u00e9 de cuisiner. La devise d\u2019Auguste Gusteau \u201ctout le monde peut cuisiner\u201d est l\u2019espoir de R\u00e9my tout le long de l\u2019histoire mais aussi la morale du film. Tout le monde peut avoir acc\u00e8s au m\u00e9tier de ses r\u00eaves peu importe son apparence et son milieu d\u2019origine.&nbsp;<\/p>\n<\/div><\/div>\n\n\n\n<div style=\"height:75px\" aria-hidden=\"true\" class=\"wp-block-spacer\"><\/div>\n\n\n\n<div class=\"wp-block-media-text alignwide is-stacked-on-mobile is-vertically-aligned-center\" style=\"grid-template-columns:56% auto\"><figure class=\"wp-block-media-text__media\"><img loading=\"lazy\" decoding=\"async\" width=\"610\" height=\"259\" src=\"https:\/\/websites.artecom.studio\/dessine\/wp-content\/uploads\/sites\/4\/2022\/04\/ballerina.jpg\" alt=\"\" class=\"wp-image-286 size-full\" srcset=\"https:\/\/websites.artecom.studio\/dessine\/wp-content\/uploads\/sites\/4\/2022\/04\/ballerina.jpg 610w, https:\/\/websites.artecom.studio\/dessine\/wp-content\/uploads\/sites\/4\/2022\/04\/ballerina-300x127.jpg 300w\" sizes=\"auto, (max-width: 610px) 100vw, 610px\" \/><\/figure><div class=\"wp-block-media-text__content\">\n<p class=\"has-large-font-size\">Ballerina<\/p>\n\n\n\n<p>Ballerina est un film d&rsquo;animation franco-canadien r\u00e9alis\u00e9 par \u00c9ric Summer et \u00c9ric Warin, sorti en 2016. L\u2019histoire est celle d\u2019un gar\u00e7on et d\u2019une fille orphelin.ines, tous les deux pouss\u00e9.es par leurs passions respectives : les inventions et la danse classique.&nbsp;<\/p>\n\n\n\n<p>Si nous avons choisi de mettre en avant ce film au sein de notre projet, c\u2019est car il expose, fictivement certes, toute la passion galvanisante dans le c\u0153ur du personnage ; cette passion qui offre les capacit\u00e9s de tout r\u00e9ussir pour atteindre ses objectifs.&nbsp;<\/p>\n\n\n\n<p>Ainsi, ce film est parfaitement coh\u00e9rent avec l\u2019id\u00e9e g\u00e9n\u00e9rale de notre travail.&nbsp;<\/p>\n\n\n\n<div style=\"height:60px\" aria-hidden=\"true\" class=\"wp-block-spacer\"><\/div>\n<\/div><\/div>\n\n\n\n<div style=\"height:75px\" aria-hidden=\"true\" class=\"wp-block-spacer\"><\/div>\n\n\n\n<div class=\"wp-block-media-text alignwide has-media-on-the-right is-stacked-on-mobile\" style=\"grid-template-columns:auto 34%\"><figure class=\"wp-block-media-text__media\"><img loading=\"lazy\" decoding=\"async\" width=\"754\" height=\"1024\" src=\"https:\/\/websites.artecom.studio\/dessine\/wp-content\/uploads\/sites\/4\/2022\/04\/3063490-1.jpg-r_1240_1240-f_jpg-q_x-xxyxx-1-754x1024.jpg\" alt=\"\" class=\"wp-image-458 size-full\" srcset=\"https:\/\/websites.artecom.studio\/dessine\/wp-content\/uploads\/sites\/4\/2022\/04\/3063490-1.jpg-r_1240_1240-f_jpg-q_x-xxyxx-1-754x1024.jpg 754w, https:\/\/websites.artecom.studio\/dessine\/wp-content\/uploads\/sites\/4\/2022\/04\/3063490-1.jpg-r_1240_1240-f_jpg-q_x-xxyxx-1-221x300.jpg 221w, https:\/\/websites.artecom.studio\/dessine\/wp-content\/uploads\/sites\/4\/2022\/04\/3063490-1.jpg-r_1240_1240-f_jpg-q_x-xxyxx-1-768x1043.jpg 768w, https:\/\/websites.artecom.studio\/dessine\/wp-content\/uploads\/sites\/4\/2022\/04\/3063490-1.jpg-r_1240_1240-f_jpg-q_x-xxyxx-1.jpg 913w\" sizes=\"auto, (max-width: 754px) 100vw, 754px\" \/><\/figure><div class=\"wp-block-media-text__content\">\n<p class=\"has-large-font-size\">En corps<\/p>\n\n\n\n<p class=\"has-text-align-left\">En corps est un film de Cedric Klapisch sorti en 2022 o\u00f9 Elise, une danseuse classique au talent prometteur, se blesse lors d\u2019une repr\u00e9sentation. S\u2019ensuit alors une qu\u00eate identitaire o\u00f9 Elise s\u2019interroge sur la nouvelle vie qu\u2019elle doit se cr\u00e9er, elle qui ne pourra plus danser du classique. Essayant de se passionner, de comprendre comment chacun interpr\u00e8te sa vie, Elise d\u00e9couvre le renouveau, l\u2019espoir et se pla\u00eet dans cette nouvelle vie laissant la danse classique pour la danse contemporaine, moins conventionnelle, plus libre.<\/p>\n<\/div><\/div>\n\n\n\n<div style=\"height:30px\" aria-hidden=\"true\" class=\"wp-block-spacer\"><\/div>\n\n\n\n<div style=\"height:75px\" aria-hidden=\"true\" class=\"wp-block-spacer\"><\/div>\n\n\n\n<div class=\"wp-block-media-text alignwide is-stacked-on-mobile\" style=\"grid-template-columns:54% auto\"><figure class=\"wp-block-media-text__media\"><img loading=\"lazy\" decoding=\"async\" width=\"450\" height=\"330\" src=\"https:\/\/websites.artecom.studio\/dessine\/wp-content\/uploads\/sites\/4\/2022\/05\/R.jpg\" alt=\"\" class=\"wp-image-629 size-full\" srcset=\"https:\/\/websites.artecom.studio\/dessine\/wp-content\/uploads\/sites\/4\/2022\/05\/R.jpg 450w, https:\/\/websites.artecom.studio\/dessine\/wp-content\/uploads\/sites\/4\/2022\/05\/R-300x220.jpg 300w\" sizes=\"auto, (max-width: 450px) 100vw, 450px\" \/><\/figure><div class=\"wp-block-media-text__content\">\n<p class=\"has-large-font-size\">#Chef<\/p>\n\n\n\n<p>#Chef est un film r\u00e9alis\u00e9 par Jon Farvreau sorti en 2014.<\/p>\n\n\n\n<p>Carl Casper est un chef de renom d&rsquo; un restaurant fran\u00e7ais \u00e0 Los Angeles. Suite \u00e0 un scandale sur Twitter, Carl d\u00e9cide de d\u00e9missionner du restaurant. Il va suivre le conseil de son ex femme et ouvrir un food truck specialis\u00e9 dans la cuisine latino avec son fils et son ancien coll\u00e8gue. Avec cette aventure, Carl va retrouver le go\u00fbt de la vie par le biais de la cuisine.<\/p>\n<\/div><\/div>\n\n\n\n<div style=\"height:80px\" aria-hidden=\"true\" class=\"wp-block-spacer\"><\/div>\n\n\n\n<hr class=\"wp-block-separator\" \/>\n\n\n\n<div style=\"height:50px\" aria-hidden=\"true\" class=\"wp-block-spacer\"><\/div>\n\n\n\n<h2 class=\"wp-block-heading\">Podcast<\/h2>\n\n\n\n<div class=\"wp-block-media-text alignwide is-stacked-on-mobile\" style=\"grid-template-columns:45% auto\"><figure class=\"wp-block-media-text__media\"><img loading=\"lazy\" decoding=\"async\" width=\"1024\" height=\"1024\" src=\"https:\/\/websites.artecom.studio\/dessine\/wp-content\/uploads\/sites\/4\/2022\/04\/lheure-bleue-france-inter-5jIOlYcr9PW-T3uw5sLaZQN.1400x1400-1024x1024.jpg\" alt=\"\" class=\"wp-image-467 size-full\" srcset=\"https:\/\/websites.artecom.studio\/dessine\/wp-content\/uploads\/sites\/4\/2022\/04\/lheure-bleue-france-inter-5jIOlYcr9PW-T3uw5sLaZQN.1400x1400-1024x1024.jpg 1024w, https:\/\/websites.artecom.studio\/dessine\/wp-content\/uploads\/sites\/4\/2022\/04\/lheure-bleue-france-inter-5jIOlYcr9PW-T3uw5sLaZQN.1400x1400-300x300.jpg 300w, https:\/\/websites.artecom.studio\/dessine\/wp-content\/uploads\/sites\/4\/2022\/04\/lheure-bleue-france-inter-5jIOlYcr9PW-T3uw5sLaZQN.1400x1400-150x150.jpg 150w, https:\/\/websites.artecom.studio\/dessine\/wp-content\/uploads\/sites\/4\/2022\/04\/lheure-bleue-france-inter-5jIOlYcr9PW-T3uw5sLaZQN.1400x1400-768x768.jpg 768w, https:\/\/websites.artecom.studio\/dessine\/wp-content\/uploads\/sites\/4\/2022\/04\/lheure-bleue-france-inter-5jIOlYcr9PW-T3uw5sLaZQN.1400x1400.jpg 1400w\" sizes=\"auto, (max-width: 1024px) 100vw, 1024px\" \/><\/figure><div class=\"wp-block-media-text__content\">\n<p class=\"has-large-font-size\">L&rsquo;Heure Bleue<\/p>\n\n\n\n<p>L&rsquo;heure bleue est un podcast sur France Inter pr\u00e9sent\u00e9 par Laure Adler du lundi au jeudi \u00e0 20h. <\/p>\n\n\n\n<p>Laure Adler accueille chaque soir un.e nouvel.le invit\u00e9.e pour nous parler de ses passions, passant de l&rsquo;\u00e9criture \u00e0 la danse, de l&rsquo;architecture au cin\u00e9ma&#8230; sans fronti\u00e8re d&rsquo;\u00e2ge, ni d&rsquo;origine. <\/p>\n<\/div><\/div>\n\n\n\n<div style=\"height:75px\" aria-hidden=\"true\" class=\"wp-block-spacer\"><\/div>\n\n\n\n<div style=\"height:25px\" aria-hidden=\"true\" class=\"wp-block-spacer\"><\/div>\n\n\n\n<div class=\"wp-block-media-text alignwide has-media-on-the-right is-stacked-on-mobile is-vertically-aligned-center\" style=\"grid-template-columns:auto 42%\"><figure class=\"wp-block-media-text__media\"><img loading=\"lazy\" decoding=\"async\" width=\"1024\" height=\"1024\" src=\"https:\/\/websites.artecom.studio\/dessine\/wp-content\/uploads\/sites\/4\/2022\/04\/in-power-1024x1024.jpg\" alt=\"\" class=\"wp-image-293 size-full\" srcset=\"https:\/\/websites.artecom.studio\/dessine\/wp-content\/uploads\/sites\/4\/2022\/04\/in-power-1024x1024.jpg 1024w, https:\/\/websites.artecom.studio\/dessine\/wp-content\/uploads\/sites\/4\/2022\/04\/in-power-300x300.jpg 300w, https:\/\/websites.artecom.studio\/dessine\/wp-content\/uploads\/sites\/4\/2022\/04\/in-power-150x150.jpg 150w, https:\/\/websites.artecom.studio\/dessine\/wp-content\/uploads\/sites\/4\/2022\/04\/in-power-768x768.jpg 768w, https:\/\/websites.artecom.studio\/dessine\/wp-content\/uploads\/sites\/4\/2022\/04\/in-power.jpg 1200w\" sizes=\"auto, (max-width: 1024px) 100vw, 1024px\" \/><\/figure><div class=\"wp-block-media-text__content\">\n<p class=\"has-large-font-size\">In Power<\/p>\n\n\n\n<p style=\"font-size:17px\">Louise Aubery est une youtubeuse fran\u00e7aise qui a cr\u00e9\u00e9 cette s\u00e9rie de podcast le 18 avril 2018.<\/p>\n\n\n\n<p style=\"font-size:17px\">Comme il est pr\u00e9sent\u00e9 \u201cLe podcast qui vous aide \u00e0 prendre le pouvoir de votre vie. Chaque semaine, Louise Aubery accueille des personnes passionn\u00e9es au parcours passionnant pour vous donner une dose d&rsquo;inspiration. Motivation, ambition, inspiration : voil\u00e0 ce que vous pouvez retrouver tous les Mardi sur InPower.\u201d.&nbsp;<\/p>\n\n\n\n<p style=\"font-size:17px\"><\/p>\n<\/div><\/div>\n\n\n\n<p><\/p>\n","protected":false},"excerpt":{"rendered":"<p>\u00c0 travers cette exp\u00e9dition, vous trouverez de nombreuses \u0153uvres qui nous ont inspir\u00e9 tout au long de notre projet. Livres Le Petit Prince L\u2019histoire&#8230;<\/p>\n","protected":false},"author":18,"featured_media":0,"parent":0,"menu_order":0,"comment_status":"closed","ping_status":"closed","template":"","meta":{"advgb_blocks_editor_width":"","advgb_blocks_columns_visual_guide":"","footnotes":""},"class_list":["post-24","page","type-page","status-publish","hentry"],"coauthors":[],"author_meta":{"author_link":"https:\/\/websites.artecom.studio\/dessine\/author\/claralu\/","display_name":"claralu"},"relative_dates":{"created":"Publi\u00e9 4 ans il y a","modified":"Mis \u00e0 jour 4 ans il y a"},"absolute_dates":{"created":"Publi\u00e9 le 6 avril 2022","modified":"Mise \u00e0 jour le 10 mai 2022"},"absolute_dates_time":{"created":"Publi\u00e9 le 6 avril 2022 11h37","modified":"Mise \u00e0 jour le 10 mai 2022 15h19"},"featured_img_caption":"","featured_img":false,"series_order":"","_links":{"self":[{"href":"https:\/\/websites.artecom.studio\/dessine\/wp-json\/wp\/v2\/pages\/24","targetHints":{"allow":["GET"]}}],"collection":[{"href":"https:\/\/websites.artecom.studio\/dessine\/wp-json\/wp\/v2\/pages"}],"about":[{"href":"https:\/\/websites.artecom.studio\/dessine\/wp-json\/wp\/v2\/types\/page"}],"author":[{"embeddable":true,"href":"https:\/\/websites.artecom.studio\/dessine\/wp-json\/wp\/v2\/users\/18"}],"replies":[{"embeddable":true,"href":"https:\/\/websites.artecom.studio\/dessine\/wp-json\/wp\/v2\/comments?post=24"}],"version-history":[{"count":59,"href":"https:\/\/websites.artecom.studio\/dessine\/wp-json\/wp\/v2\/pages\/24\/revisions"}],"predecessor-version":[{"id":631,"href":"https:\/\/websites.artecom.studio\/dessine\/wp-json\/wp\/v2\/pages\/24\/revisions\/631"}],"wp:attachment":[{"href":"https:\/\/websites.artecom.studio\/dessine\/wp-json\/wp\/v2\/media?parent=24"}],"curies":[{"name":"wp","href":"https:\/\/api.w.org\/{rel}","templated":true}]}}