{"id":25,"date":"2022-04-06T11:23:19","date_gmt":"2022-04-06T09:23:19","guid":{"rendered":"https:\/\/websites.artecom.studio\/dessine\/?page_id=25"},"modified":"2023-02-14T12:53:00","modified_gmt":"2023-02-14T11:53:00","slug":"dessine-moi-une-vie","status":"publish","type":"page","link":"https:\/\/websites.artecom.studio\/dessine\/","title":{"rendered":"Accueil"},"content":{"rendered":"\n<div style=\"height:30px\" aria-hidden=\"true\" class=\"wp-block-spacer\"><\/div>\n\n\n\n<div class=\"wp-block-columns is-layout-flex wp-container-core-columns-is-layout-9d6595d7 wp-block-columns-is-layout-flex\">\n<div class=\"wp-block-column is-layout-flow wp-block-column-is-layout-flow\" style=\"flex-basis:100%\">\n<div class=\"wp-block-columns is-layout-flex wp-container-core-columns-is-layout-9d6595d7 wp-block-columns-is-layout-flex\">\n<div class=\"wp-block-column is-layout-flow wp-block-column-is-layout-flow\" style=\"flex-basis:75%\">\n<h2 class=\"wp-block-heading\">WEBDOCUMENTAIRE<\/h2>\n\n\n\n<p class=\"has-text-align-center\"><strong><a href=\"https:\/\/webdocs.artecom.studio\/dessine_moi_une_vie\/\" target=\"_blank\" rel=\"noreferrer noopener\">Cliquez ici pour acc\u00e9der au webdoc !<\/a><\/strong><\/p>\n\n\n\n<div style=\"height:60px\" aria-hidden=\"true\" class=\"wp-block-spacer\"><\/div>\n\n\n\n<p>Une drag queen, un cordonnier, une tatoueuse, un professeur de danse, un r\u00e9gisseur et un forgeron. Voil\u00e0 les m\u00e9tiers que nous retrouverons en tant que plan\u00e8tes. Des m\u00e9tiers que nous percevons comme atypiques, unis par un savoir-faire et des passions, par leurs caract\u00e9ristiques artistiques et artisanales. Derri\u00e8re ces m\u00e9tiers, nous souhaitons faire transpara\u00eetre des personnalit\u00e9s singuli\u00e8res et des cheminements pluriels, de mani\u00e8re \u00e0 mettre en lumi\u00e8re le courage de cr\u00e9er leur propre parcours de vie sur mesure.<\/p>\n\n\n\n<p>Dans ce webdocumentaire, voyagez dans cet univers, de plan\u00e8te en plan\u00e8te, afin de d\u00e9couvrir leurs parcours. <\/p>\n<\/div>\n\n\n\n<div class=\"wp-block-column is-layout-flow wp-block-column-is-layout-flow\"><\/div>\n\n\n\n<div class=\"wp-block-column is-layout-flow wp-block-column-is-layout-flow\" style=\"flex-basis:25%\">\n<h2 class=\"wp-block-heading\" style=\"font-size:25px\">Note d&rsquo;intention<\/h2>\n\n\n\n<p>Nous sommes huit \u00e9tudiantes en Licence de Communication et d&rsquo;Arts du Spectacle. \u00c0 l&rsquo;\u00e2ge o\u00f9 nous commen\u00e7ons tout juste \u00e0 dessiner nos vies , nous souhaitions mettre en lumi\u00e8re les diff\u00e9rents chemins des personnes que nous avons rencontr\u00e9es. Notre r\u00e9flexion s&rsquo;est donc port\u00e9e sur la multitude des opportunit\u00e9s qui s&rsquo;offrent \u00e0 chacun, les pouvoirs que nous avons sur nos vies. Le pouvoir de les changer du tout au tout, saisir ses opportunit\u00e9s, prendre des risques, s&rsquo;\u00e9couter, pour se comprendre en tant qu\u2019individu, pour se r\u00e9v\u00e9ler, pour s&rsquo;\u00e9panouir\u2026               <\/p>\n\n\n\n<p>Nous avons entre 19 et 20 ans et esp\u00e9rons que notre travail vous inspirera autant que les personnes que nous avons rencontr\u00e9es l&rsquo;ont fait pour nous.<\/p>\n\n\n\n<div class=\"wp-block-buttons is-layout-flex wp-block-buttons-is-layout-flex\">\n<div class=\"wp-block-button has-custom-width wp-block-button__width-100 has-custom-font-size is-style-outline is-style-outline--1\" style=\"font-size:16px\"><a class=\"wp-block-button__link has-text-color has-background wp-element-button\" href=\"https:\/\/websites.artecom.studio\/dessine\/note-dintention\/\" style=\"color:#06041e;background-color:#fcf5d9\">Lire la suite<\/a><\/div>\n<\/div>\n<\/div>\n<\/div>\n<\/div>\n<\/div>\n\n\n\n<p><\/p>\n","protected":false},"excerpt":{"rendered":"<p>WEBDOCUMENTAIRE Cliquez ici pour acc\u00e9der au webdoc ! Une drag queen, un cordonnier, une tatoueuse, un professeur de danse, un r\u00e9gisseur et un forgeron&#8230;.<\/p>\n","protected":false},"author":12,"featured_media":0,"parent":0,"menu_order":0,"comment_status":"closed","ping_status":"closed","template":"","meta":{"advgb_blocks_editor_width":"","advgb_blocks_columns_visual_guide":"","footnotes":""},"class_list":["post-25","page","type-page","status-publish","hentry"],"coauthors":[],"author_meta":{"author_link":"https:\/\/websites.artecom.studio\/dessine\/author\/jade\/","display_name":"jade"},"relative_dates":{"created":"Publi\u00e9 4 ans il y a","modified":"Mis \u00e0 jour 3 ans il y a"},"absolute_dates":{"created":"Publi\u00e9 le 6 avril 2022","modified":"Mise \u00e0 jour le 14 f\u00e9vrier 2023"},"absolute_dates_time":{"created":"Publi\u00e9 le 6 avril 2022 11h23","modified":"Mise \u00e0 jour le 14 f\u00e9vrier 2023 12h53"},"featured_img_caption":"","featured_img":false,"series_order":"","_links":{"self":[{"href":"https:\/\/websites.artecom.studio\/dessine\/wp-json\/wp\/v2\/pages\/25","targetHints":{"allow":["GET"]}}],"collection":[{"href":"https:\/\/websites.artecom.studio\/dessine\/wp-json\/wp\/v2\/pages"}],"about":[{"href":"https:\/\/websites.artecom.studio\/dessine\/wp-json\/wp\/v2\/types\/page"}],"author":[{"embeddable":true,"href":"https:\/\/websites.artecom.studio\/dessine\/wp-json\/wp\/v2\/users\/12"}],"replies":[{"embeddable":true,"href":"https:\/\/websites.artecom.studio\/dessine\/wp-json\/wp\/v2\/comments?post=25"}],"version-history":[{"count":58,"href":"https:\/\/websites.artecom.studio\/dessine\/wp-json\/wp\/v2\/pages\/25\/revisions"}],"predecessor-version":[{"id":638,"href":"https:\/\/websites.artecom.studio\/dessine\/wp-json\/wp\/v2\/pages\/25\/revisions\/638"}],"wp:attachment":[{"href":"https:\/\/websites.artecom.studio\/dessine\/wp-json\/wp\/v2\/media?parent=25"}],"curies":[{"name":"wp","href":"https:\/\/api.w.org\/{rel}","templated":true}]}}