{"id":15,"date":"2022-03-30T11:45:41","date_gmt":"2022-03-30T09:45:41","guid":{"rendered":"https:\/\/websites.artecom.studio\/songe\/?page_id=15"},"modified":"2022-08-11T16:22:48","modified_gmt":"2022-08-11T14:22:48","slug":"influence","status":"publish","type":"page","link":"https:\/\/websites.artecom.studio\/songe\/influence\/","title":{"rendered":"Influences"},"content":{"rendered":"\n<h1 class=\"wp-block-heading\" style=\"font-size:47px\">S&rsquo;inspirer pour mieux cr\u00e9er &#8230;<\/h1>\n\n\n\n<p class=\"has-black-color has-text-color\" style=\"font-size:15px\">Les particularit\u00e9s esth\u00e9tiques et narratives du projet que nous avons men\u00e9 d\u00e9coulent d\u2019un travail de recherches documentaires autour du th\u00e8me \u00ab Qu\u00eate identitaire et histoires intimes \u00bb. Notre attention a \u00e9t\u00e9 retenue par diff\u00e9rentes intentions issues de plusieurs types d\u2019arts.<\/p>\n\n\n\n<hr class=\"wp-block-separator has-css-opacity is-style-wide\" \/>\n\n\n\n<div class=\"wp-block-columns is-layout-flex wp-container-core-columns-is-layout-9d6595d7 wp-block-columns-is-layout-flex\">\n<div class=\"wp-block-column is-layout-flow wp-block-column-is-layout-flow\" style=\"flex-basis:100%\">\n<div class=\"wp-block-group alignwide\"><div class=\"wp-block-group__inner-container is-layout-flow wp-block-group-is-layout-flow\">\n<p class=\"has-text-color\" style=\"color:#757575;font-size:14px\">En ce qui concerne la dimension visuelle, nous nous sommes inspir\u00e9.es de la simplicit\u00e9 et de la l\u00e9g\u00e8ret\u00e9 des dessins de Riad Sattouf, le c\u00e9l\u00e8bre \u00e9crivain reconnu pour ses talents de dessinateur de bande dessin\u00e9es, notamment pour sa chronique dans le journal <em>Charlie Hebdo<\/em>\u00ab La Vie secr\u00e8te des jeunes \u00bb<em>. <\/em>Nous avons \u00e9galement \u00e9t\u00e9 guid\u00e9s par les cr\u00e9ations de Philippe Chappuis. Connu sous le nom de Zep, il cumule les m\u00e9tiers de r\u00e9alisateur, sc\u00e9nariste, illustrateur mais aussi auteur de bande dessin\u00e9es. Parmi ses \u0153uvres les plus populaires, on compte notamment la bande dessin\u00e9e \u00ab Titeuf \u00bb. <\/p>\n\n\n\n<p class=\"has-text-color\" style=\"color:#757575;font-size:14px\">Afin de comprendre au mieux le cheminement qui nous a permis de mener \u00e0 bien le projet \u00ab Songe \u00bb, nous avons class\u00e9 les ressources documentaires par th\u00e9matiques d\u2019inspirations. Le classement regroupe donc la th\u00e9matique du r\u00eave, de la qu\u00eate, de la recherche identitaire ainsi que des histoires intimes.&nbsp;<\/p>\n<\/div><\/div>\n<\/div>\n<\/div>\n\n\n\n<hr class=\"wp-block-separator has-css-opacity\" \/>\n\n\n\n<h2 class=\"has-text-align-center wp-block-heading\" style=\"font-size:47px\">Le r\u00eave <\/h2>\n\n\n\n<hr class=\"wp-block-separator has-css-opacity aligncenter is-style-dots\" \/>\n\n\n\n<figure class=\"wp-block-embed is-type-video is-provider-youtube wp-block-embed-youtube wp-embed-aspect-16-9 wp-has-aspect-ratio\"><div class=\"wp-block-embed__wrapper\">\n<iframe loading=\"lazy\" title=\"Le r\u00eave au cin\u00e9ma\" width=\"640\" height=\"360\" src=\"https:\/\/www.youtube.com\/embed\/5LRVNBo6QyA?feature=oembed\" frameborder=\"0\" allow=\"accelerometer; autoplay; clipboard-write; encrypted-media; gyroscope; picture-in-picture; web-share\" referrerpolicy=\"strict-origin-when-cross-origin\" allowfullscreen><\/iframe>\n<\/div><\/figure>\n\n\n\n<div style=\"height:45px\" aria-hidden=\"true\" class=\"wp-block-spacer\"><\/div>\n\n\n\n<div class=\"wp-block-columns alignwide is-layout-flex wp-container-core-columns-is-layout-9d6595d7 wp-block-columns-is-layout-flex\">\n<div class=\"wp-block-column is-layout-flow wp-block-column-is-layout-flow\" style=\"flex-basis:24%\">\n<figure class=\"wp-block-image is-resized\"><img loading=\"lazy\" decoding=\"async\" src=\"https:\/\/websites.artecom.studio\/songe\/wp-content\/uploads\/sites\/3\/2022\/04\/81ac4RoQiRL._AC_SY679_.jpg\" alt=\"\" class=\"wp-image-65\" width=\"193\" height=\"294\" srcset=\"https:\/\/websites.artecom.studio\/songe\/wp-content\/uploads\/sites\/3\/2022\/04\/81ac4RoQiRL._AC_SY679_.jpg 445w, https:\/\/websites.artecom.studio\/songe\/wp-content\/uploads\/sites\/3\/2022\/04\/81ac4RoQiRL._AC_SY679_-197x300.jpg 197w\" sizes=\"auto, (max-width: 193px) 100vw, 193px\" \/><\/figure>\n<\/div>\n\n\n\n<div class=\"wp-block-column is-layout-flow wp-block-column-is-layout-flow\" style=\"flex-basis:76%\">\n<p class=\"has-black-color has-text-color\" style=\"font-size:17px\">En 1951, les studios Walt Disney r\u00e9alisent <em>Alice au pays des merveilles<\/em>, tir\u00e9 des c\u00e9l\u00e8bres romans <em>Les aventures d\u2019Alice<\/em> au pays des merveilles et <em>De l\u2019autre c\u00f4t\u00e9 du miroir<\/em> de Lewis Carroll publi\u00e9s en 1865 et 1871.<\/p>\n\n\n\n<p class=\"has-black-color has-text-color has-small-font-size\" style=\"font-size:18px\">Alors qu\u2019elle suit un lapin blanc visiblement tr\u00e8s press\u00e9, Alice se retrouve au Pays des merveilles, un univers peupl\u00e9 de cr\u00e9atures \u00e9tranges comme un chat tigr\u00e9 rose et violet, un chapelier fou, ou encore la terrible reine de c\u0153ur et son arm\u00e9e de cartes.&nbsp;<\/p>\n\n\n\n<p class=\"has-black-color has-text-color has-small-font-size\" style=\"font-size:18px\">Lors de l\u2019\u00e9criture de Songe, nous avons souhait\u00e9 rendre hommage \u00e0 ce classique du cin\u00e9ma d\u2019animation qui a marqu\u00e9 des g\u00e9n\u00e9rations d\u2019enfants en nous inspirant notamment de son univers onirique. \u00c0 l\u2019image de l\u2019aventure d\u2019Alice, le r\u00eave de Camille prend place dans un monde pour le moins \u00e9trange dans lequel les jouets sont dot\u00e9s de paroles et des fant\u00f4mes sortent des tableaux.&nbsp;<\/p>\n<\/div>\n<\/div>\n\n\n\n<div style=\"height:48px\" aria-hidden=\"true\" class=\"wp-block-spacer\"><\/div>\n\n\n\n<div class=\"wp-block-columns alignwide is-layout-flex wp-container-core-columns-is-layout-9d6595d7 wp-block-columns-is-layout-flex\">\n<div class=\"wp-block-column is-layout-flow wp-block-column-is-layout-flow\" style=\"flex-basis:73%\">\n<p class=\"has-black-color has-text-color\" style=\"font-size:17px\"><em>Le Magicien d\u2019Oz<\/em>, sorti en 1946 et r\u00e9alis\u00e9 par Victor Fleming est l\u2019un des piliers du genre de la com\u00e9die musicale et du cin\u00e9ma !<\/p>\n\n\n\n<p class=\"has-black-color has-text-color has-small-font-size\" style=\"font-size:18px\">Le film met en sc\u00e8ne la jeune Dorothy (interpr\u00e9t\u00e9e par Judy Garland), une orpheline qui vit chez son oncle et sa tante dans une ferme au Kansas. \u00c0 la suite d\u2019une tornade qui frappe violemment la maison, Dorothy est transport\u00e9e au royaume des Munchkins, un monde fascinant et tr\u00e8s color\u00e9. Pour retrouver sa famille, la jeune fille devra suivre la route en briques jaunes qui la m\u00e8nera jusqu\u2019au palais d\u2019\u00e9meraude, demeure du magicien d\u2019Oz.<\/p>\n\n\n\n<p class=\"has-black-color has-text-color has-small-font-size\" style=\"font-size:18px\">Ce qui nous a particuli\u00e8rement int\u00e9ress\u00e9.es dans ce film lors de l\u2019\u00e9criture de <em>Songe,<\/em> au-del\u00e0 du fait qu\u2019il s\u2019agisse d\u2019une aventure r\u00eav\u00e9e, c\u2019est notamment le fait que les personnages que Dorothy rencontre dans cette \u00e9pop\u00e9e ne lui sont pas inconnus. La m\u00e9chante sorci\u00e8re de l\u2019ouest n\u2019est autre que son institutrice, Mme Gulch avec qui elle entretient des relations tendues tandis que ses trois camarades de route sont interpr\u00e9t\u00e9s par les m\u00eames com\u00e9diens que les trois ouvriers qui travaillent \u00e0 la ferme.&nbsp;<\/p>\n\n\n\n<p class=\"has-black-color has-text-color has-small-font-size\" style=\"font-size:18px\">Lors de la phase d\u2019\u00e9criture de notre projet nous avons \u00e9galement \u00e9t\u00e9 tr\u00e8s inspir\u00e9.es par un proc\u00e9d\u00e9 esth\u00e9tique mis en place dans ce mastodonte de la com\u00e9die musicale, \u00e0 savoir l\u2019utilisation du noir et blanc dans le \u00abmonde r\u00e9el\u00bb et le passage \u00e0 la couleur dans le \u00abmonde r\u00eav\u00e9\u00bb.<\/p>\n<\/div>\n\n\n\n<div class=\"wp-block-column is-layout-flow wp-block-column-is-layout-flow\" style=\"flex-basis:27%\">\n<figure class=\"wp-block-image size-large is-resized\"><img loading=\"lazy\" decoding=\"async\" src=\"https:\/\/websites.artecom.studio\/songe\/wp-content\/uploads\/sites\/3\/2022\/04\/le-magicien-doz-683x1024.jpg\" alt=\"\" class=\"wp-image-129\" width=\"199\" height=\"298\" srcset=\"https:\/\/websites.artecom.studio\/songe\/wp-content\/uploads\/sites\/3\/2022\/04\/le-magicien-doz-683x1024.jpg 683w, https:\/\/websites.artecom.studio\/songe\/wp-content\/uploads\/sites\/3\/2022\/04\/le-magicien-doz-200x300.jpg 200w, https:\/\/websites.artecom.studio\/songe\/wp-content\/uploads\/sites\/3\/2022\/04\/le-magicien-doz-768x1152.jpg 768w, https:\/\/websites.artecom.studio\/songe\/wp-content\/uploads\/sites\/3\/2022\/04\/le-magicien-doz.jpg 800w\" sizes=\"auto, (max-width: 199px) 100vw, 199px\" \/><\/figure>\n<\/div>\n<\/div>\n\n\n<div class=\"wp-block-image\">\n<figure class=\"aligncenter size-full is-resized\"><img loading=\"lazy\" decoding=\"async\" src=\"https:\/\/websites.artecom.studio\/songe\/wp-content\/uploads\/sites\/3\/2022\/04\/bande-adhesive-pour-reperage-des-portes-vitrees-100-mm-ligne-pleine-noire.jpg\" alt=\"\" class=\"wp-image-124\" width=\"82\" height=\"82\" srcset=\"https:\/\/websites.artecom.studio\/songe\/wp-content\/uploads\/sites\/3\/2022\/04\/bande-adhesive-pour-reperage-des-portes-vitrees-100-mm-ligne-pleine-noire.jpg 800w, https:\/\/websites.artecom.studio\/songe\/wp-content\/uploads\/sites\/3\/2022\/04\/bande-adhesive-pour-reperage-des-portes-vitrees-100-mm-ligne-pleine-noire-300x300.jpg 300w, https:\/\/websites.artecom.studio\/songe\/wp-content\/uploads\/sites\/3\/2022\/04\/bande-adhesive-pour-reperage-des-portes-vitrees-100-mm-ligne-pleine-noire-150x150.jpg 150w, https:\/\/websites.artecom.studio\/songe\/wp-content\/uploads\/sites\/3\/2022\/04\/bande-adhesive-pour-reperage-des-portes-vitrees-100-mm-ligne-pleine-noire-768x768.jpg 768w\" sizes=\"auto, (max-width: 82px) 100vw, 82px\" \/><\/figure>\n<\/div>\n\n\n<h2 class=\"has-text-align-center wp-block-heading\" style=\"font-size:47px\">La qu\u00eate<\/h2>\n\n\n\n<hr class=\"wp-block-separator has-css-opacity is-style-dots\" \/>\n\n\n\n<figure class=\"wp-block-embed is-type-video is-provider-youtube wp-block-embed-youtube wp-embed-aspect-16-9 wp-has-aspect-ratio\"><div class=\"wp-block-embed__wrapper\">\n<iframe loading=\"lazy\" title=\"La Qu\u00eate\" width=\"640\" height=\"360\" src=\"https:\/\/www.youtube.com\/embed\/LWL3rOoLFIU?feature=oembed\" frameborder=\"0\" allow=\"accelerometer; autoplay; clipboard-write; encrypted-media; gyroscope; picture-in-picture; web-share\" referrerpolicy=\"strict-origin-when-cross-origin\" allowfullscreen><\/iframe>\n<\/div><\/figure>\n\n\n\n<div class=\"wp-block-columns is-layout-flex wp-container-core-columns-is-layout-9d6595d7 wp-block-columns-is-layout-flex\">\n<div class=\"wp-block-column is-layout-flow wp-block-column-is-layout-flow\" style=\"flex-basis:33.33%\">\n<figure class=\"wp-block-image size-large is-resized\"><img loading=\"lazy\" decoding=\"async\" src=\"https:\/\/websites.artecom.studio\/songe\/wp-content\/uploads\/sites\/3\/2022\/04\/aaxjxifgczdvipqinrb0hwc2ptr-350-683x1024.jpg\" alt=\"\" class=\"wp-image-67\" width=\"162\" height=\"243\" srcset=\"https:\/\/websites.artecom.studio\/songe\/wp-content\/uploads\/sites\/3\/2022\/04\/aaxjxifgczdvipqinrb0hwc2ptr-350-683x1024.jpg 683w, https:\/\/websites.artecom.studio\/songe\/wp-content\/uploads\/sites\/3\/2022\/04\/aaxjxifgczdvipqinrb0hwc2ptr-350-200x300.jpg 200w, https:\/\/websites.artecom.studio\/songe\/wp-content\/uploads\/sites\/3\/2022\/04\/aaxjxifgczdvipqinrb0hwc2ptr-350-768x1152.jpg 768w, https:\/\/websites.artecom.studio\/songe\/wp-content\/uploads\/sites\/3\/2022\/04\/aaxjxifgczdvipqinrb0hwc2ptr-350.jpg 800w\" sizes=\"auto, (max-width: 162px) 100vw, 162px\" \/><\/figure>\n<\/div>\n\n\n\n<div class=\"wp-block-column is-layout-flow wp-block-column-is-layout-flow\" style=\"flex-basis:66.66%\">\n<p class=\"has-black-color has-text-color\" style=\"font-size:17px\"><em>Sacr\u00e9 Graal<\/em> sorti en 1975 est le 2eme long m\u00e9trage des Monty Python, une compagnie d\u2019humoristes, sc\u00e9naristes et r\u00e9alisateurs britanniques.<\/p>\n\n\n\n<p class=\"has-black-color has-text-color has-small-font-size\" style=\"font-size:18px\">Cette com\u00e9die loufoque teint\u00e9e d\u2019un humour tr\u00e8s anglais, parodie la l\u00e9gende du roi Arthur et des chevaliers de la table ronde qui se lancent \u00e0 la qu\u00eate du Graal. Pour ce faire, la troupe doit passer plusieurs \u00e9preuves et rencontrer divers personnages plus \u00e9tranges les uns que les autres dont un chevalier \u00e0 trois t\u00eates ou encore un lapin tueur. Il nous a sembl\u00e9 int\u00e9ressant de mentionner ce film puisqu\u2019il s\u2019appuie sur la th\u00e9matique de la qu\u00eate, centrale dans notre projet mais aussi et surtout pour son univers d\u00e9jant\u00e9 qui, m\u00eame s\u2019il n\u2019a pas \u00e9t\u00e9 une inspiration directe pour l\u2019\u00e9criture de <em>Songe<\/em>, reste bien trop culte pour qu\u2019on s\u2018abstienne de lui rendre cet hommage.<\/p>\n<\/div>\n<\/div>\n\n\n\n<div style=\"height:48px\" aria-hidden=\"true\" class=\"wp-block-spacer\"><\/div>\n\n\n\n<div class=\"wp-block-media-text alignwide has-media-on-the-right is-stacked-on-mobile\" style=\"grid-template-columns:auto 22%\"><figure class=\"wp-block-media-text__media\"><img loading=\"lazy\" decoding=\"async\" width=\"480\" height=\"818\" src=\"https:\/\/websites.artecom.studio\/songe\/wp-content\/uploads\/sites\/3\/2022\/04\/Capture.png\" alt=\"\" class=\"wp-image-156 size-full\" srcset=\"https:\/\/websites.artecom.studio\/songe\/wp-content\/uploads\/sites\/3\/2022\/04\/Capture.png 480w, https:\/\/websites.artecom.studio\/songe\/wp-content\/uploads\/sites\/3\/2022\/04\/Capture-176x300.png 176w\" sizes=\"auto, (max-width: 480px) 100vw, 480px\" \/><\/figure><div class=\"wp-block-media-text__content\">\n<p class=\"has-black-color has-text-color\" style=\"font-size:17px\">Paru en 2021, cet ouvrage d\u00e9peint la th\u00e9matique de la qu\u00eate \u00e0 la suite de la d\u00e9couverte d\u2019un objet symbolique. <\/p>\n\n\n\n<p class=\"has-black-color has-text-color has-small-font-size\" style=\"font-size:18px\">Interpell\u00e9.es par cette fa\u00e7on d\u2019imaginer l\u2019\u00e9l\u00e9ment d\u00e9clencheur de la qu\u00eate, nous avons repris cette m\u00e9canique pour le personnage principal de \u00ab Songe \u00bb.&nbsp;Le p\u00e8re de Baptiste trouve une malle dans laquelle il aper\u00e7oit trois carnets renfermant des lettres d\u2019amour qui appartiennent au grand-p\u00e8re du protagoniste. Baptiste constate que son grand-p\u00e8re y raconte l\u2019histoire de sa vie en s&rsquo;adressant \u00e0 une inconnue. \u00c0 travers les grands drames du 20e si\u00e8cle et divers t\u00e9moignages d\u2019aujourd\u2019hui destin\u00e9s \u00e0 faire passer un message \u00e0 son p\u00e8re, Baptiste va tenter de percer les secrets de son grand-p\u00e8re.<\/p>\n<\/div><\/div>\n\n\n<div class=\"wp-block-image\">\n<figure class=\"aligncenter size-full is-resized\"><img loading=\"lazy\" decoding=\"async\" src=\"https:\/\/websites.artecom.studio\/songe\/wp-content\/uploads\/sites\/3\/2022\/04\/bande-adhesive-pour-reperage-des-portes-vitrees-100-mm-ligne-pleine-noire.jpg\" alt=\"\" class=\"wp-image-124\" width=\"82\" height=\"82\" srcset=\"https:\/\/websites.artecom.studio\/songe\/wp-content\/uploads\/sites\/3\/2022\/04\/bande-adhesive-pour-reperage-des-portes-vitrees-100-mm-ligne-pleine-noire.jpg 800w, https:\/\/websites.artecom.studio\/songe\/wp-content\/uploads\/sites\/3\/2022\/04\/bande-adhesive-pour-reperage-des-portes-vitrees-100-mm-ligne-pleine-noire-300x300.jpg 300w, https:\/\/websites.artecom.studio\/songe\/wp-content\/uploads\/sites\/3\/2022\/04\/bande-adhesive-pour-reperage-des-portes-vitrees-100-mm-ligne-pleine-noire-150x150.jpg 150w, https:\/\/websites.artecom.studio\/songe\/wp-content\/uploads\/sites\/3\/2022\/04\/bande-adhesive-pour-reperage-des-portes-vitrees-100-mm-ligne-pleine-noire-768x768.jpg 768w\" sizes=\"auto, (max-width: 82px) 100vw, 82px\" \/><\/figure>\n<\/div>\n\n\n<h2 class=\"has-text-align-center wp-block-heading\" style=\"font-size:47px\">Recherche identitaire<\/h2>\n\n\n\n<hr class=\"wp-block-separator has-css-opacity is-style-dots\" \/>\n\n\n\n<figure class=\"wp-block-embed is-type-video is-provider-youtube wp-block-embed-youtube wp-embed-aspect-16-9 wp-has-aspect-ratio\"><div class=\"wp-block-embed__wrapper\">\n<iframe loading=\"lazy\" title=\"Recherche Identitaire\" width=\"640\" height=\"360\" src=\"https:\/\/www.youtube.com\/embed\/Q2oDWowsW9Q?feature=oembed\" frameborder=\"0\" allow=\"accelerometer; autoplay; clipboard-write; encrypted-media; gyroscope; picture-in-picture; web-share\" referrerpolicy=\"strict-origin-when-cross-origin\" allowfullscreen><\/iframe>\n<\/div><\/figure>\n\n\n\n<div class=\"wp-block-media-text alignwide\" style=\"grid-template-columns:23% auto\"><figure class=\"wp-block-media-text__media\"><img loading=\"lazy\" decoding=\"async\" width=\"600\" height=\"800\" src=\"https:\/\/websites.artecom.studio\/songe\/wp-content\/uploads\/sites\/3\/2022\/04\/18869162.jpg\" alt=\"\" class=\"wp-image-77 size-full\" srcset=\"https:\/\/websites.artecom.studio\/songe\/wp-content\/uploads\/sites\/3\/2022\/04\/18869162.jpg 600w, https:\/\/websites.artecom.studio\/songe\/wp-content\/uploads\/sites\/3\/2022\/04\/18869162-225x300.jpg 225w\" sizes=\"auto, (max-width: 600px) 100vw, 600px\" \/><\/figure><div class=\"wp-block-media-text__content\">\n<p class=\"has-black-color has-text-color\" style=\"font-size:17px\"><em>Into the wild<\/em>, une des r\u00e9f\u00e9rences cin\u00e9matographiques de la th\u00e9matique du voyage comme qu\u00eate identitaire. <\/p>\n\n\n\n<p class=\"has-black-color has-text-color has-small-font-size\" style=\"font-size:18px\">Ce chef-d\u2019\u0153uvre hollywoodien inspir\u00e9 d\u2019une histoire vraie a \u00e9t\u00e9 r\u00e9alis\u00e9 par Sean Penn et est sorti en France en 2008. Le film explore l\u2019histoire de Christopher, 22 ans, qui alors qu\u2019il est promis \u00e0 un brillant avenir d\u00e9cide du jour au lendemain de tout abandonner et de prendre la route \u00e0 la d\u00e9couverte des \u00c9tats-Unis, et de lui-m\u00eame. Au fur et \u00e0 mesure de son p\u00e9riple, Christopher rencontre des personnages hauts en couleur qui vont, chacun \u00e0 leur mani\u00e8re, fa\u00e7onner sa vision de la vie et du monde. Il \u00e9tait n\u00e9cessaire pour nous d\u2019\u00e9voquer ce film tout d\u2019abord pour sa grande qualit\u00e9 narrative et visuelle mais \u00e9galement car le personnage de Camille dans <em>Songe<\/em> est confront\u00e9 aux m\u00eames questionnements et probl\u00e9matiques que Christopher. <\/p>\n<\/div><\/div>\n\n\n\n<div style=\"height:48px\" aria-hidden=\"true\" class=\"wp-block-spacer\"><\/div>\n\n\n\n<div class=\"wp-block-media-text alignwide has-media-on-the-right is-stacked-on-mobile\" style=\"grid-template-columns:auto 20%\"><figure class=\"wp-block-media-text__media\"><img loading=\"lazy\" decoding=\"async\" width=\"400\" height=\"628\" src=\"https:\/\/websites.artecom.studio\/songe\/wp-content\/uploads\/sites\/3\/2022\/04\/Ciao-Bella.jpg\" alt=\"\" class=\"wp-image-79 size-full\" srcset=\"https:\/\/websites.artecom.studio\/songe\/wp-content\/uploads\/sites\/3\/2022\/04\/Ciao-Bella.jpg 400w, https:\/\/websites.artecom.studio\/songe\/wp-content\/uploads\/sites\/3\/2022\/04\/Ciao-Bella-191x300.jpg 191w\" sizes=\"auto, (max-width: 400px) 100vw, 400px\" \/><\/figure><div class=\"wp-block-media-text__content\">\n<p class=\"has-black-color has-text-color\" style=\"font-size:17px\">Publi\u00e9 en 2019, le roman de Serena Giuliano retrace le parcours d\u2019Anna, victime de multiples phobies et angoisses.<\/p>\n\n\n\n<p class=\"has-black-color has-text-color has-small-font-size\" style=\"font-size:18px\">Notre h\u00e9ro\u00efne d\u00e9cide, lorsqu\u2019elle d\u00e9couvre sa seconde grossesse, de se rendre chez un psychologue. Pendant ces consultations, la jeune femme \u00e9voque de nombreux \u00e9pisodes de vie, notamment son enfance dans son pays d\u2019origine, l\u2019Italie. Peu \u00e0 peu, gr\u00e2ce \u00e0 la th\u00e9rapie, Anna se lance dans une recherche int\u00e9rieure afin de se trouver. Durant l\u2019\u00e9criture de notre projet, il nous a sembl\u00e9 int\u00e9ressant d\u2019observer le possible lien entre la qu\u00eate personnelle et la th\u00e9rapie ainsi que l&rsquo;impact de l\u2019enfance sur la vie d\u2019adulte.<\/p>\n<\/div><\/div>\n\n\n\n<div style=\"height:48px\" aria-hidden=\"true\" class=\"wp-block-spacer\"><\/div>\n\n\n\n<div class=\"wp-block-media-text alignwide is-stacked-on-mobile\" style=\"grid-template-columns:24% auto\"><figure class=\"wp-block-media-text__media\"><img loading=\"lazy\" decoding=\"async\" width=\"600\" height=\"921\" src=\"https:\/\/websites.artecom.studio\/songe\/wp-content\/uploads\/sites\/3\/2022\/04\/9782213706115-001-T.jpeg\" alt=\"\" class=\"wp-image-82 size-full\" srcset=\"https:\/\/websites.artecom.studio\/songe\/wp-content\/uploads\/sites\/3\/2022\/04\/9782213706115-001-T.jpeg 600w, https:\/\/websites.artecom.studio\/songe\/wp-content\/uploads\/sites\/3\/2022\/04\/9782213706115-001-T-195x300.jpeg 195w\" sizes=\"auto, (max-width: 600px) 100vw, 600px\" \/><\/figure><div class=\"wp-block-media-text__content\">\n<p class=\"has-black-color has-text-color\" style=\"font-size:17px\">Michelle Obama, dans son livre <em>Devenir, <\/em>paru en 2020, d\u00e9crit son parcours en trois parties. <\/p>\n\n\n\n<p class=\"has-black-color has-text-color has-small-font-size\" style=\"font-size:18px\">Dans un premier temps l&rsquo;\u0153uvre traitera du premier tiers de sa vie, sa jeunesse, jusqu\u2019\u00e0 la rencontre qui changera le cours de sa destin\u00e9e, celle avec son mari Barack Obama. La seconde partie d\u00e9crit son mariage, la naissance de ses enfants, et ses premiers pas dans la politique. Finalement, l&rsquo;ouvrage nous parle de la vie de Michelle Obama en tant que premi\u00e8re dame au sein de la maison blanche. Madame Obama nous fait part de ses angoisses, ses \u00e9checs, ses interrogations ainsi que ses doutes en toute intimit\u00e9 et sinc\u00e9rit\u00e9. Notre webdocumentaire s\u2019inspire de cette id\u00e9e de parcours sinc\u00e8re et authentique.<\/p>\n<\/div><\/div>\n\n\n\n<div style=\"height:48px\" aria-hidden=\"true\" class=\"wp-block-spacer\"><\/div>\n\n\n\n<div class=\"wp-block-media-text alignwide has-media-on-the-right is-stacked-on-mobile\" style=\"grid-template-columns:auto 22%\"><figure class=\"wp-block-media-text__media\"><img loading=\"lazy\" decoding=\"async\" width=\"771\" height=\"1024\" src=\"https:\/\/websites.artecom.studio\/songe\/wp-content\/uploads\/sites\/3\/2022\/04\/9782413036685-001-X-771x1024.jpeg\" alt=\"\" class=\"wp-image-83 size-full\" srcset=\"https:\/\/websites.artecom.studio\/songe\/wp-content\/uploads\/sites\/3\/2022\/04\/9782413036685-001-X-771x1024.jpeg 771w, https:\/\/websites.artecom.studio\/songe\/wp-content\/uploads\/sites\/3\/2022\/04\/9782413036685-001-X-226x300.jpeg 226w, https:\/\/websites.artecom.studio\/songe\/wp-content\/uploads\/sites\/3\/2022\/04\/9782413036685-001-X-768x1020.jpeg 768w, https:\/\/websites.artecom.studio\/songe\/wp-content\/uploads\/sites\/3\/2022\/04\/9782413036685-001-X-1156x1536.jpeg 1156w, https:\/\/websites.artecom.studio\/songe\/wp-content\/uploads\/sites\/3\/2022\/04\/9782413036685-001-X.jpeg 1400w\" sizes=\"auto, (max-width: 771px) 100vw, 771px\" \/><\/figure><div class=\"wp-block-media-text__content\">\n<p class=\"has-black-color has-text-color\" style=\"font-size:17px\">Paru en juin 2021, l&rsquo;\u0153uvre de Fabien Toulm\u00e9 traite la question de la qu\u00eate, particuli\u00e8rement celle de l\u2019amour.<\/p>\n\n\n\n<p class=\"has-black-color has-text-color has-small-font-size\" style=\"font-size:18px\">Cette bande dessin\u00e9e nous raconte l&rsquo;histoire de Suzette qui, \u00e0 l\u2019aide de sa petite fille, part \u00e0 la recherche de son amour de jeunesse perdu de vue depuis environ 60 ans. La qu\u00eate identitaire relat\u00e9e dans cette histoire montre l\u2019importance de l\u2019amour d\u2019un point de vue intime et personnel qui peut intervenir \u00e0 tout \u00e2ge.<\/p>\n\n\n\n<p class=\"has-black-color has-text-color has-small-font-size\" style=\"font-size:18px\"><\/p>\n<\/div><\/div>\n","protected":false},"excerpt":{"rendered":"<p>S&rsquo;inspirer pour mieux cr\u00e9er &#8230; Les particularit\u00e9s esth\u00e9tiques et narratives du projet que nous avons men\u00e9 d\u00e9coulent d\u2019un travail de recherches documentaires autour du&#8230;<\/p>\n","protected":false},"author":2,"featured_media":0,"parent":0,"menu_order":0,"comment_status":"closed","ping_status":"closed","template":"","meta":{"advgb_blocks_editor_width":"","advgb_blocks_columns_visual_guide":"","footnotes":""},"class_list":["post-15","page","type-page","status-publish","hentry"],"coauthors":[],"author_meta":{"author_link":"https:\/\/websites.artecom.studio\/songe\/author\/vincent\/","display_name":"vincent"},"relative_dates":{"created":"Publi\u00e9 4 ans il y a","modified":"Mis \u00e0 jour 4 ans il y a"},"absolute_dates":{"created":"Publi\u00e9 le 30 mars 2022","modified":"Mise \u00e0 jour le 11 ao\u00fbt 2022"},"absolute_dates_time":{"created":"Publi\u00e9 le 30 mars 2022 11h45","modified":"Mise \u00e0 jour le 11 ao\u00fbt 2022 16h22"},"featured_img_caption":"","featured_img":false,"series_order":"","_links":{"self":[{"href":"https:\/\/websites.artecom.studio\/songe\/wp-json\/wp\/v2\/pages\/15","targetHints":{"allow":["GET"]}}],"collection":[{"href":"https:\/\/websites.artecom.studio\/songe\/wp-json\/wp\/v2\/pages"}],"about":[{"href":"https:\/\/websites.artecom.studio\/songe\/wp-json\/wp\/v2\/types\/page"}],"author":[{"embeddable":true,"href":"https:\/\/websites.artecom.studio\/songe\/wp-json\/wp\/v2\/users\/2"}],"replies":[{"embeddable":true,"href":"https:\/\/websites.artecom.studio\/songe\/wp-json\/wp\/v2\/comments?post=15"}],"version-history":[{"count":106,"href":"https:\/\/websites.artecom.studio\/songe\/wp-json\/wp\/v2\/pages\/15\/revisions"}],"predecessor-version":[{"id":446,"href":"https:\/\/websites.artecom.studio\/songe\/wp-json\/wp\/v2\/pages\/15\/revisions\/446"}],"wp:attachment":[{"href":"https:\/\/websites.artecom.studio\/songe\/wp-json\/wp\/v2\/media?parent=15"}],"curies":[{"name":"wp","href":"https:\/\/api.w.org\/{rel}","templated":true}]}}